{"id":19072,"date":"2022-11-24T20:13:29","date_gmt":"2022-11-24T19:13:29","guid":{"rendered":"https:\/\/www.bertoli.fr\/?post_type=product&#038;p=19072"},"modified":"2026-04-13T12:00:45","modified_gmt":"2026-04-13T10:00:45","slug":"envol","status":"publish","type":"product","link":"https:\/\/www.bertoli.fr\/en\/portes\/envol\/","title":{"rendered":"ENVOL"},"content":{"rendered":"[vc_row et_column_align=&#8221;align-center&#8221; css=&#8221;.vc_custom_1579132110345{padding-top: 30px !important;padding-bottom: 60px !important;}&#8221;][vc_column][vc_row_inner content_placement=&#8221;middle&#8221;][vc_column_inner offset=&#8221;vc_col-lg-4&#8243;][vc_column_text]\n<h5 class=\"fancy-title accent-color postline-large\">NOUVEAUT\u00c9 BERTOLI Design<\/h5>\n<p><strong>Rayonnante et Dynamique\u00a0 &#8221; ENVOL &#8221;<br \/>\n<\/strong>Porte d&#8217;entr\u00e9e pivotante fabriqu\u00e9e en<br \/>\nCh\u00eane de France noueux sci\u00e9 bross\u00e9<br \/>\nOiseaux bouvet\u00e9s en Noyer de France rabot\u00e9s[\/vc_column_text][\/vc_column_inner][vc_column_inner offset=&#8221;vc_col-lg-offset-1 vc_col-lg-7&#8243;]\t<div class=\"et-image-72 et-image     et_image_link\">\n\t\t<div class=\"et-image-inner \">\n\t\t\t\t\t\t\t<div class=\"et-image-thumb \">\n\t\t\t\t\t<img loading=\"lazy\" decoding=\"async\" width=\"1498\" height=\"1000\" src=\"https:\/\/www.bertoli.fr\/wp-content\/uploads\/2022\/08\/LENVOL-porte-bertoli.jpg\" class=\"attachment-full\" alt=\"LENVOL porte bertoli\" title=\"LENVOL porte bertoli\" srcset=\"https:\/\/www.bertoli.fr\/wp-content\/uploads\/2022\/08\/LENVOL-porte-bertoli.jpg 1498w, https:\/\/www.bertoli.fr\/wp-content\/uploads\/2022\/08\/LENVOL-porte-bertoli-300x200.jpg 300w, https:\/\/www.bertoli.fr\/wp-content\/uploads\/2022\/08\/LENVOL-porte-bertoli-1024x684.jpg 1024w, https:\/\/www.bertoli.fr\/wp-content\/uploads\/2022\/08\/LENVOL-porte-bertoli-768x513.jpg 768w, https:\/\/www.bertoli.fr\/wp-content\/uploads\/2022\/08\/LENVOL-porte-bertoli-150x100.jpg 150w, https:\/\/www.bertoli.fr\/wp-content\/uploads\/2022\/08\/LENVOL-porte-bertoli-1000x668.jpg 1000w\" sizes=\"auto, (max-width: 1498px) 100vw, 1498px\" \/>\t\t\t\t<\/div>\n\t\t\t\t\t\t\t\t\t\t\t<\/div>\n\t<\/div>\n  [\/vc_column_inner][\/vc_row_inner][\/vc_column][\/vc_row][vc_row][vc_column][vc_separator][\/vc_column][\/vc_row][vc_row et_column_align=&#8221;align-center&#8221; css=&#8221;.vc_custom_1579132110345{padding-top: 30px !important;padding-bottom: 60px !important;}&#8221;][vc_column][vc_row_inner content_placement=&#8221;middle&#8221;][vc_column_inner offset=&#8221;vc_col-lg-4&#8243;][vc_column_text]\n<h5 class=\"fancy-title accent-color postline-large\">LA MATI\u00c8RE<\/h5>\n<p>D\u00e9couvrez la nouvelle finition Bross\u00e9e Sci\u00e9e qui donne du caract\u00e8re \u00e0 votre entr\u00e9e ![\/vc_column_text][\/vc_column_inner][vc_column_inner offset=&#8221;vc_col-lg-offset-1 vc_col-lg-7&#8243;]\t<div class=\"et-image-591 et-image     et_image_link\">\n\t\t<div class=\"et-image-inner \">\n\t\t\t\t\t\t\t<div class=\"et-image-thumb \">\n\t\t\t\t\t<img loading=\"lazy\" decoding=\"async\" width=\"1498\" height=\"1000\" src=\"https:\/\/www.bertoli.fr\/wp-content\/uploads\/2022\/08\/finition-brossee-sciee-CHENE-BERTOLI.jpg\" class=\"attachment-full\" alt=\"finition bross\u00e9e sci\u00e9e CHENE BERTOLI\" title=\"finition bross\u00e9e sci\u00e9e CHENE BERTOLI\" srcset=\"https:\/\/www.bertoli.fr\/wp-content\/uploads\/2022\/08\/finition-brossee-sciee-CHENE-BERTOLI.jpg 1498w, https:\/\/www.bertoli.fr\/wp-content\/uploads\/2022\/08\/finition-brossee-sciee-CHENE-BERTOLI-300x200.jpg 300w, https:\/\/www.bertoli.fr\/wp-content\/uploads\/2022\/08\/finition-brossee-sciee-CHENE-BERTOLI-1024x684.jpg 1024w, https:\/\/www.bertoli.fr\/wp-content\/uploads\/2022\/08\/finition-brossee-sciee-CHENE-BERTOLI-768x513.jpg 768w, https:\/\/www.bertoli.fr\/wp-content\/uploads\/2022\/08\/finition-brossee-sciee-CHENE-BERTOLI-150x100.jpg 150w, https:\/\/www.bertoli.fr\/wp-content\/uploads\/2022\/08\/finition-brossee-sciee-CHENE-BERTOLI-1000x668.jpg 1000w\" sizes=\"auto, (max-width: 1498px) 100vw, 1498px\" \/>\t\t\t\t<\/div>\n\t\t\t\t\t\t\t\t\t\t\t<\/div>\n\t<\/div>\n  [\/vc_column_inner][\/vc_row_inner][\/vc_column][\/vc_row][vc_row][vc_column][vc_separator][\/vc_column][\/vc_row][vc_row et_column_align=&#8221;align-center&#8221; full_height=&#8221;yes&#8221; equal_height=&#8221;yes&#8221; css=&#8221;.vc_custom_1659032408479{padding-bottom: 60px !important;}&#8221;][vc_column][vc_row_inner content_placement=&#8221;middle&#8221;][vc_column_inner offset=&#8221;vc_col-lg-7&#8243;][vc_column_text el_id=&#8221;Bli&#8221;]\n<h5 class=\"fancy-title accent-color postline-large\">Poign\u00e9e INOX<\/h5>\n<h3>Comme un battement d&#8217;aile &#8230; Une envol\u00e9e pour une entr\u00e9e unique !<\/h3>\n[\/vc_column_text][\/vc_column_inner][vc_column_inner offset=&#8221;vc_col-lg-offset-1 vc_col-lg-4&#8243;]\t<div class=\"et-image-309 et-image aligncenter    et_image_link\">\n\t\t<div class=\"et-image-inner \">\n\t\t\t\t\t\t\t<div class=\"et-image-thumb \">\n\t\t\t\t\t<img loading=\"lazy\" decoding=\"async\" width=\"667\" height=\"1000\" src=\"https:\/\/www.bertoli.fr\/wp-content\/uploads\/2022\/08\/poigneeailedoiseau-bertolidesign.jpg\" class=\"attachment-large\" alt=\"poignee aile d&#039;oiseau Bertoli design\" title=\"poigneeailedoiseau bertolidesign\" srcset=\"https:\/\/www.bertoli.fr\/wp-content\/uploads\/2022\/08\/poigneeailedoiseau-bertolidesign.jpg 667w, https:\/\/www.bertoli.fr\/wp-content\/uploads\/2022\/08\/poigneeailedoiseau-bertolidesign-200x300.jpg 200w, https:\/\/www.bertoli.fr\/wp-content\/uploads\/2022\/08\/poigneeailedoiseau-bertolidesign-100x150.jpg 100w\" sizes=\"auto, (max-width: 667px) 100vw, 667px\" \/>\t\t\t\t<\/div>\n\t\t\t\t\t\t\t\t\t\t\t<\/div>\n\t<\/div>\n  [\/vc_column_inner][\/vc_row_inner][\/vc_column][\/vc_row][vc_row][vc_column][vc_separator][\/vc_column][\/vc_row][vc_row equal_height=&#8221;yes&#8221; css=&#8221;.vc_custom_1659104334828{padding-top: 60px !important;padding-bottom: 60px !important;}&#8221;][vc_column el_class=&#8221;imagesdetails&#8221;][vc_row_inner et_column_align=&#8221;align-center&#8221; equal_height=&#8221;yes&#8221;][vc_column_inner width=&#8221;1\/3&#8243; offset=&#8221;vc_col-lg-4&#8243;][vc_column_text]\n<h5 class=\"fancy-title accent-color postline-large\">Technique<\/h5>\n<h3>Fabrication sur-mesure<br \/>\nBois sec s\u00e9choir<\/h3>\n<ul>\n<li>\u00c9paisseur PORTE 85mm<\/li>\n<\/ul>\n<p>\ud83c\udf21\u00a0 Coefficient thermique Ud = 1.1 W\/(m2.K)<br \/>\n\ud83c\udf00\u00a0 Classement AIR A2 *<br \/>\n\ud83d\udca8\u00a0 Classement VENT VC3 *<br \/>\n<em>*essais r\u00e9alis\u00e9s sur porte pivotante<\/em>[\/vc_column_text][\/vc_column_inner][vc_column_inner width=&#8221;1\/3&#8243;][vc_column_text]\n<h5 class=\"fancy-title accent-color postline-large\">Descriptif<\/h5>\n<ul>\n<li><strong>B\u00e2ti central assembl\u00e9 \u00e0 tenons et mortaises<\/strong><\/li>\n<li>Cadre avec oreilles de finition, assembl\u00e9 \u00e0 enfourchement<\/li>\n<li style=\"text-align: left;\">Largeur du cadre suivant l\u2019\u00e9paisseur de vos cloisons et isolants<\/li>\n<li>Joint d&#8217;\u00e9tanch\u00e9it\u00e9 sur les 4 c\u00f4t\u00e9s<\/li>\n<li>Avec ou sans seuil plat en inox, sur la largeur de la porte<\/li>\n<li>Pivot haut et bas marque DORMA<br \/>\n(pivot hydraulique sur demande)<\/li>\n<li>Serrure 3 points mortais\u00e9e et cylindre A2P* marque VACHETTE<\/li>\n<li>G\u00e2che longue en inox retardateur d&#8217;effraction<\/li>\n<\/ul>\n[\/vc_column_text][\/vc_column_inner][vc_column_inner width=&#8221;1\/3&#8243;][vc_column_text]\n<h5 class=\"fancy-title accent-color postline-large\">Finition<\/h5>\n<ul>\n<li>Teinte au choix<\/li>\n<li>Lasure 3 couches\n<ul>\n<li>extra-mat, mat ou satin\u00e9e<\/li>\n<\/ul>\n<\/li>\n<\/ul>\n<h5 class=\"fancy-title accent-color postline-large\">Serrurerie d\u00e9corative<\/h5>\n<ul>\n<li>Sur la face ext\u00e9rieure :\n<ul>\n<li>Barre de tirage en inox<\/li>\n<li>Entr\u00e9e inox entaill\u00e9e \u00e0 fleur<\/li>\n<\/ul>\n<\/li>\n<li>Sur la face int\u00e9rieure :\n<ul>\n<li>Poign\u00e9e en inox, sur rosace carr\u00e9e<br \/>\n<em>Large choix de mod\u00e8les \u00e0 d\u00e9couvrir &#8230;<\/em><\/li>\n<\/ul>\n<\/li>\n<\/ul>\n[\/vc_column_text][\/vc_column_inner][\/vc_row_inner][\/vc_column][\/vc_row][vc_row et_column_align=&#8221;align-center&#8221; css=&#8221;.vc_custom_1579132139891{padding-bottom: 60px !important;}&#8221;][vc_column el_class=&#8221;imagesdetails&#8221;][vc_row_inner equal_height=&#8221;yes&#8221; content_placement=&#8221;middle&#8221;][vc_column_inner width=&#8221;1\/4&#8243;]\t<div class=\"et-image-165 et-image     et_image_link\">\n\t\t<div class=\"et-image-inner \">\n\t\t\t\t\t\t\t<div class=\"et-image-thumb \">\n\t\t\t\t\t<img loading=\"lazy\" decoding=\"async\" width=\"333\" height=\"500\" src=\"https:\/\/www.bertoli.fr\/wp-content\/uploads\/2021\/07\/seuilinox.jpg\" class=\"attachment-full\" alt=\"seuil inox\" title=\"seuilinox\" srcset=\"https:\/\/www.bertoli.fr\/wp-content\/uploads\/2021\/07\/seuilinox.jpg 333w, https:\/\/www.bertoli.fr\/wp-content\/uploads\/2021\/07\/seuilinox-200x300.jpg 200w, https:\/\/www.bertoli.fr\/wp-content\/uploads\/2021\/07\/seuilinox-100x150.jpg 100w\" sizes=\"auto, (max-width: 333px) 100vw, 333px\" \/>\t\t\t\t<\/div>\n\t\t\t\t\t\t\t\t\t\t\t\t\t<div class=\"et-image-content\">\n\t\t\t\t\t<p style=\"text-align: center;\"><strong>Seuil plat en INOX<\/strong><\/p>\n\t\t\t\t<\/div>\n\t\t\t\t\t<\/div>\n\t<\/div>\n  [\/vc_column_inner][vc_column_inner width=&#8221;1\/4&#8243;]\t<div class=\"et-image-793 et-image     et_image_link\">\n\t\t<div class=\"et-image-inner \">\n\t\t\t\t\t\t\t<div class=\"et-image-thumb \">\n\t\t\t\t\t<img loading=\"lazy\" decoding=\"async\" width=\"333\" height=\"500\" src=\"https:\/\/www.bertoli.fr\/wp-content\/uploads\/2021\/07\/gacheuniquerenforceeatelierbertoli-1.jpg\" class=\"attachment-full\" alt=\"gache unique renforcee atelier bertoli\" title=\"gacheuniquerenforceeatelierbertoli\" srcset=\"https:\/\/www.bertoli.fr\/wp-content\/uploads\/2021\/07\/gacheuniquerenforceeatelierbertoli-1.jpg 333w, https:\/\/www.bertoli.fr\/wp-content\/uploads\/2021\/07\/gacheuniquerenforceeatelierbertoli-1-200x300.jpg 200w, https:\/\/www.bertoli.fr\/wp-content\/uploads\/2021\/07\/gacheuniquerenforceeatelierbertoli-1-100x150.jpg 100w\" sizes=\"auto, (max-width: 333px) 100vw, 333px\" \/>\t\t\t\t<\/div>\n\t\t\t\t\t\t\t\t\t\t\t\t\t<div class=\"et-image-content\">\n\t\t\t\t\t<p style=\"text-align: center;\"><strong>G\u00e2che longue en inox retardateur d&#8217;effraction<br \/>\nCadre assembl\u00e9 \u00e0 enfourchement<br \/>\n<\/strong><\/p>\n\t\t\t\t<\/div>\n\t\t\t\t\t<\/div>\n\t<\/div>\n  [\/vc_column_inner][vc_column_inner width=&#8221;1\/4&#8243;]\t<div class=\"et-image-186 et-image     et_image_link\">\n\t\t<div class=\"et-image-inner \">\n\t\t\t\t\t\t\t<div class=\"et-image-thumb \">\n\t\t\t\t\t<img loading=\"lazy\" decoding=\"async\" width=\"667\" height=\"1000\" src=\"https:\/\/www.bertoli.fr\/wp-content\/uploads\/2022\/08\/poigneeailedoiseau-bertolidesign-1.jpg\" class=\"attachment-full\" alt=\"poignee aile d&#039;oiseau Bertoli design\" title=\"poigneeailedoiseau bertolidesign\" srcset=\"https:\/\/www.bertoli.fr\/wp-content\/uploads\/2022\/08\/poigneeailedoiseau-bertolidesign-1.jpg 667w, https:\/\/www.bertoli.fr\/wp-content\/uploads\/2022\/08\/poigneeailedoiseau-bertolidesign-1-200x300.jpg 200w, https:\/\/www.bertoli.fr\/wp-content\/uploads\/2022\/08\/poigneeailedoiseau-bertolidesign-1-100x150.jpg 100w\" sizes=\"auto, (max-width: 667px) 100vw, 667px\" \/>\t\t\t\t<\/div>\n\t\t\t\t\t\t\t\t\t\t\t\t\t<div class=\"et-image-content\">\n\t\t\t\t\t<p style=\"text-align: center;\"><b>Poign\u00e9e et entr\u00e9e cylindre affleurante<br \/>\n<\/b>Inox<b><\/b><\/p>\n\t\t\t\t<\/div>\n\t\t\t\t\t<\/div>\n\t<\/div>\n  [\/vc_column_inner][vc_column_inner width=&#8221;1\/4&#8243;]\t<div class=\"et-image-346 et-image     et_image_link\">\n\t\t<div class=\"et-image-inner \">\n\t\t\t\t\t\t\t<div class=\"et-image-thumb \">\n\t\t\t\t\t<img loading=\"lazy\" decoding=\"async\" width=\"467\" height=\"700\" src=\"https:\/\/www.bertoli.fr\/wp-content\/uploads\/2022\/08\/poignee-ENVOL-BERTOLI.jpg\" class=\"attachment-full\" alt=\"poignee ENVOL BERTOLI\" title=\"poignee ENVOL BERTOLI\" srcset=\"https:\/\/www.bertoli.fr\/wp-content\/uploads\/2022\/08\/poignee-ENVOL-BERTOLI.jpg 467w, https:\/\/www.bertoli.fr\/wp-content\/uploads\/2022\/08\/poignee-ENVOL-BERTOLI-200x300.jpg 200w, https:\/\/www.bertoli.fr\/wp-content\/uploads\/2022\/08\/poignee-ENVOL-BERTOLI-100x150.jpg 100w\" sizes=\"auto, (max-width: 467px) 100vw, 467px\" \/>\t\t\t\t<\/div>\n\t\t\t\t\t\t\t\t\t\t\t\t\t<div class=\"et-image-content\">\n\t\t\t\t\t<p style=\"text-align: center;\"><b>Poign\u00e9e int\u00e9rieure<br \/>\n<\/b>Inox ou Noire au choix<b><\/b><\/p>\n\t\t\t\t<\/div>\n\t\t\t\t\t<\/div>\n\t<\/div>\n  [\/vc_column_inner][\/vc_row_inner][\/vc_column][\/vc_row][vc_row][vc_column][vc_separator][\/vc_column][\/vc_row][vc_row][vc_column]\t<div class=\"et-image-818 et-image aligncenter    et_image_link\">\n\t\t<div class=\"et-image-inner \">\n\t\t\t\t\t\t\t<div class=\"et-image-thumb \">\n\t\t\t\t\t<img loading=\"lazy\" decoding=\"async\" width=\"1500\" height=\"1000\" src=\"https:\/\/www.bertoli.fr\/wp-content\/uploads\/2022\/11\/ENVOL-Porte-dentree-pivotante-ATELIER-BERTOLI.jpg\" class=\"attachment-full\" alt=\"ENVOL  PORTE BERTOLI\" title=\"interior design and house decoration of pool villa\" srcset=\"https:\/\/www.bertoli.fr\/wp-content\/uploads\/2022\/11\/ENVOL-Porte-dentree-pivotante-ATELIER-BERTOLI.jpg 1500w, https:\/\/www.bertoli.fr\/wp-content\/uploads\/2022\/11\/ENVOL-Porte-dentree-pivotante-ATELIER-BERTOLI-300x200.jpg 300w, https:\/\/www.bertoli.fr\/wp-content\/uploads\/2022\/11\/ENVOL-Porte-dentree-pivotante-ATELIER-BERTOLI-1024x683.jpg 1024w, https:\/\/www.bertoli.fr\/wp-content\/uploads\/2022\/11\/ENVOL-Porte-dentree-pivotante-ATELIER-BERTOLI-768x512.jpg 768w, https:\/\/www.bertoli.fr\/wp-content\/uploads\/2022\/11\/ENVOL-Porte-dentree-pivotante-ATELIER-BERTOLI-150x100.jpg 150w, https:\/\/www.bertoli.fr\/wp-content\/uploads\/2022\/11\/ENVOL-Porte-dentree-pivotante-ATELIER-BERTOLI-1000x667.jpg 1000w\" sizes=\"auto, (max-width: 1500px) 100vw, 1500px\" \/>\t\t\t\t<\/div>\n\t\t\t\t\t\t\t\t\t\t\t<\/div>\n\t<\/div>\n  [\/vc_column][\/vc_row][vc_row][vc_column][vc_separator][\/vc_column][\/vc_row]\n","protected":false},"excerpt":{"rendered":"<p>Dimensions 2300 x 1400mm<br \/>\n(autres dimensions sur demande)<\/p>\n<h4><em><strong>Mod\u00e8le visible dans notre show-room<\/strong><\/em><\/h4>\n","protected":false},"featured_media":20730,"template":"","meta":[],"product_brand":[],"product_cat":[145,176],"product_tag":[],"class_list":{"0":"post-19072","1":"product","2":"type-product","3":"status-publish","4":"has-post-thumbnail","6":"product_cat-design","7":"product_cat-portes-dentree","9":"first","10":"instock","11":"shipping-taxable","12":"purchasable","13":"product-type-variable"},"_links":{"self":[{"href":"https:\/\/www.bertoli.fr\/en\/wp-json\/wp\/v2\/product\/19072","targetHints":{"allow":["GET"]}}],"collection":[{"href":"https:\/\/www.bertoli.fr\/en\/wp-json\/wp\/v2\/product"}],"about":[{"href":"https:\/\/www.bertoli.fr\/en\/wp-json\/wp\/v2\/types\/product"}],"wp:featuredmedia":[{"embeddable":true,"href":"https:\/\/www.bertoli.fr\/en\/wp-json\/wp\/v2\/media\/20730"}],"wp:attachment":[{"href":"https:\/\/www.bertoli.fr\/en\/wp-json\/wp\/v2\/media?parent=19072"}],"wp:term":[{"taxonomy":"product_brand","embeddable":true,"href":"https:\/\/www.bertoli.fr\/en\/wp-json\/wp\/v2\/product_brand?post=19072"},{"taxonomy":"product_cat","embeddable":true,"href":"https:\/\/www.bertoli.fr\/en\/wp-json\/wp\/v2\/product_cat?post=19072"},{"taxonomy":"product_tag","embeddable":true,"href":"https:\/\/www.bertoli.fr\/en\/wp-json\/wp\/v2\/product_tag?post=19072"}],"curies":[{"name":"wp","href":"https:\/\/api.w.org\/{rel}","templated":true}]}}