{"id":19308,"date":"2022-08-05T16:04:15","date_gmt":"2022-08-05T14:04:15","guid":{"rendered":"https:\/\/www.bertoli.fr\/?post_type=product&#038;p=19308"},"modified":"2026-04-13T12:01:11","modified_gmt":"2026-04-13T10:01:11","slug":"haussmannienne-3","status":"publish","type":"product","link":"https:\/\/www.bertoli.fr\/en\/portes\/haussmannienne-3\/","title":{"rendered":"Porte HAUSSMANNIENNE \u00e0 3 panneaux"},"content":{"rendered":"[vc_row][vc_column][vc_separator][\/vc_column][\/vc_row][vc_row et_column_align=&#8221;align-center&#8221; css=&#8221;.vc_custom_1579131817775{padding-top: 60px !important;padding-bottom: 60px !important;}&#8221;][vc_column][vc_row_inner et_column_align=&#8221;align-center&#8221; css=&#8221;.vc_custom_1579132052355{padding-top: 40px !important;}&#8221;][vc_column_inner width=&#8221;1\/2&#8243;][vc_single_image image=&#8221;19853&#8243; img_size=&#8221;large&#8221;][\/vc_column_inner][vc_column_inner width=&#8221;1\/2&#8243;][vc_column_text]\n<blockquote>\n<h5 class=\"fancy-title accent-color postline-large\">Porte et Boiserie ASSORTIES<\/h5>\n<h4>&#8220;Sobri\u00e9t\u00e9 et Finesse sont les ma\u00eetres mots de cet ensemble Haussmannien &#8220;<\/h4>\n<\/blockquote>\n[\/vc_column_text]\t\t<div id=\"et-button-69f75d695ec93\" class=\"et_btn_align_center animation bottom-to-top\">\n\t\t\t<a href=\"https:\/\/www.bertoli.fr\/categorie-produit\/boiseries-et-lambris\/boiseries-de-style\/\" class=\" et_btn button et_btn_md solid color-  arrow-enabled \" target=\"_blank\" role=\"button\" title=\"\" ><span>D\u00e9couvrez notre collection BOISERIE<\/span><svg xmlns=\"http:\/\/www.w3.org\/2000\/svg\" xmlns:xlink=\"http:\/\/www.w3.org\/1999\/xlink\" x=\"0px\" y=\"0px\"\r\n\t width=\"30px\" height=\"18px\" viewBox=\"0 0 30 18\" enable-background=\"new 0 0 30 18\" xml:space=\"preserve\">\r\n<path class=\"handle\" d=\"M20.305,16.212c-0.407,0.409-0.407,1.071,0,1.479s1.068,0.408,1.476,0l7.914-7.952c0.408-0.409,0.408-1.071,0-1.481\r\n\tl-7.914-7.952c-0.407-0.409-1.068-0.409-1.476,0s-0.407,1.071,0,1.48l7.185,7.221L20.305,16.212z\"\/>\r\n<path class=\"bar\" fill-rule=\"evenodd\" clip-rule=\"evenodd\" d=\"M1,8h28.001c0.551,0,1,0.448,1,1c0,0.553-0.449,1-1,1H1c-0.553,0-1-0.447-1-1\r\n\tC0,8.448,0.447,8,1,8z\"\/>\r\n<\/svg>\r\n<\/a>\n\t\t<\/div>\n\t\t\n\t[\/vc_column_inner][\/vc_row_inner][\/vc_column][\/vc_row][vc_row][vc_column][vc_separator][\/vc_column][\/vc_row][vc_row][vc_column width=&#8221;1\/3&#8243;][vc_column_text]\n<h5 class=\"fancy-title accent-color postline-large\" style=\"text-align: center;\"><span style=\"vertical-align: inherit;\">ASSEMBLAGES \u00c0 TENONS ET MORTAISES COLL\u00c9S ET CHEVILL\u00c9S BOIS<\/span><\/h5>\n<h5><span style=\"vertical-align: inherit;\">MOULURATION \u00c0 GRAND CADRE A COUPES D&#8217;ONGLET 55mm <\/span><br \/>\n<em><span style=\"vertical-align: inherit;\">DOUBLE-FACES IDENTIQUES<\/span><\/em><\/h5>\n<h5><span style=\"vertical-align: inherit;\">PANNEAUX \u00c0 PLAQUES-BANDES <\/span><br \/>\n<em><span style=\"vertical-align: inherit;\">DOUBLE-FACES IDENTIQUES<\/span><\/em><\/h5>\n<h4 style=\"text-align: center;\"><strong><span style=\"vertical-align: inherit;\">Toutes nos portes sont fabriqu\u00e9es dans des essences de bois s\u00e9ch\u00e9es dans nos ateliers <\/span><br \/>\n<span style=\"vertical-align: inherit;\">(10 \u00e0 12% d&#8217;hygrom\u00e9trie)<\/span><\/strong><\/h4>\n[\/vc_column_text][\/vc_column][vc_column width=&#8221;1\/3&#8243;][vc_empty_space height=&#8221;100px&#8221;][vc_column_text]<span style=\"vertical-align: inherit;\">Nous vous proposons de fabriquer vos portes d&#8217;int\u00e9rieur dans diff\u00e9rentes essences\u00a0: bois \u00e0 peindre, Tilleul, Ch\u00e2taignier de France, Ch\u00eane de France, Merisier de France, Noyer de France. (autres sur demande)<\/span><\/p>\n<p><span style=\"vertical-align: inherit;\">La porte d&#8217;int\u00e9rieur Haussmannienne est r\u00e9alisable :<\/span><\/p>\n<ul>\n<li><span style=\"vertical-align: inherit;\">dans toutes les dimensions<\/span><\/li>\n<li><span style=\"vertical-align: inherit;\">\u00e0 panneaux ou vitr\u00e9es<\/span><\/li>\n<li><span style=\"vertical-align: inherit;\">en deux ou trois panneaux<\/span><\/li>\n<li><span style=\"vertical-align: inherit;\">en simple vantail, deux vantaux, en tierc\u00e9e&#8230;<\/span><\/li>\n<li><span style=\"vertical-align: inherit;\">battante, coulissante \u00e0 galandage ou en applique (fourniture des ch\u00e2ssis ou rail)<\/span><\/li>\n<li><span style=\"vertical-align: inherit;\">en EI30, EI60, acoustique, blind\u00e9e, pare-balles &#8230;<\/span><\/li>\n<li>en placard, boiseries murales assortis<\/li>\n<\/ul>\n[\/vc_column_text][\/vc_column][vc_column width=&#8221;1\/3&#8243;][vc_empty_space height=&#8221;100px&#8221;][vc_column_text]<span style=\"vertical-align: inherit;\">Les cadres sont fabriqu\u00e9s de l&#8217;\u00e9paisseur de vos cloisons afin de permettre une pose parfaite des couvre-joints sur les deux faces. <\/span><br \/>\n<span style=\"vertical-align: inherit;\">Toutes nos portes sont \u00e9quip\u00e9es de paumelles entaill\u00e9es et d&#8217;une serrure \u00e0 larder NF, sur demande nous vous proposons :<\/span><\/p>\n<ul>\n<li><span style=\"vertical-align: inherit;\">des charni\u00e8res invisibles, serrure magn\u00e9tique<\/span><\/li>\n<li><span style=\"vertical-align: inherit;\">joint phonique, plinthe automatique en partie basse<\/span><\/li>\n<li><span style=\"vertical-align: inherit;\">Large choix de finitions, poign\u00e9es \u00e0 d\u00e9couvrir&#8230;<\/span><\/li>\n<\/ul>\n[\/vc_column_text][\/vc_column][\/vc_row][vc_row][vc_column][vc_empty_space][\/vc_column][\/vc_row][vc_row et_column_align=&#8221;align-center&#8221; css=&#8221;.vc_custom_1579132139891{padding-bottom: 60px !important;}&#8221;][vc_column][vc_row_inner content_placement=&#8221;middle&#8221;][vc_column_inner offset=&#8221;vc_col-lg-7&#8243;]\t<div class=\"et-image-864 et-image     et_image_link\">\n\t\t<div class=\"et-image-inner \">\n\t\t\t\t\t\t\t<div class=\"et-image-thumb \">\n\t\t\t\t\t<img loading=\"lazy\" decoding=\"async\" width=\"1049\" height=\"700\" src=\"https:\/\/www.bertoli.fr\/wp-content\/uploads\/2022\/08\/portehaussmanniennenoirebertoli.jpg\" class=\"attachment-full\" alt=\"porte haussmannienne noire bertoli avec zoom sur la poign\u00e9e chrom\u00e9\" title=\"portehaussmanniennenoirebertoli\" srcset=\"https:\/\/www.bertoli.fr\/wp-content\/uploads\/2022\/08\/portehaussmanniennenoirebertoli.jpg 1049w, https:\/\/www.bertoli.fr\/wp-content\/uploads\/2022\/08\/portehaussmanniennenoirebertoli-300x200.jpg 300w, https:\/\/www.bertoli.fr\/wp-content\/uploads\/2022\/08\/portehaussmanniennenoirebertoli-1024x683.jpg 1024w, https:\/\/www.bertoli.fr\/wp-content\/uploads\/2022\/08\/portehaussmanniennenoirebertoli-768x512.jpg 768w, https:\/\/www.bertoli.fr\/wp-content\/uploads\/2022\/08\/portehaussmanniennenoirebertoli-150x100.jpg 150w, https:\/\/www.bertoli.fr\/wp-content\/uploads\/2022\/08\/portehaussmanniennenoirebertoli-1000x667.jpg 1000w\" sizes=\"auto, (max-width: 1049px) 100vw, 1049px\" \/>\t\t\t\t<\/div>\n\t\t\t\t\t\t\t\t\t\t\t<\/div>\n\t<\/div>\n  [\/vc_column_inner][vc_column_inner offset=&#8221;vc_col-lg-offset-1 vc_col-lg-4&#8243;][vc_column_text]\n<h5 class=\"fancy-title accent-color postline-large\">Serrurerie d\u00e9corative<\/h5>\n<h3>FILO by Frascio<\/h3>\n<p>Fabrication Italienne[\/vc_column_text][\/vc_column_inner][\/vc_row_inner][\/vc_column][\/vc_row][vc_row][vc_column][\/vc_column][\/vc_row][vc_row][vc_column width=&#8221;1\/2&#8243;]\t<div class=\"et-image-600 et-image aligncenter    et_image_link\">\n\t\t<div class=\"et-image-inner \">\n\t\t\t\t\t\t\t<div class=\"et-image-thumb \">\n\t\t\t\t\t<img loading=\"lazy\" decoding=\"async\" width=\"650\" height=\"800\" src=\"https:\/\/www.bertoli.fr\/wp-content\/uploads\/2022\/08\/porte-haussmannienne-noire-ATELIER-BERTOLI-1.jpg\" class=\"attachment-full\" alt=\"\" title=\"porte haussmannienne noire ATELIER BERTOLI\" srcset=\"https:\/\/www.bertoli.fr\/wp-content\/uploads\/2022\/08\/porte-haussmannienne-noire-ATELIER-BERTOLI-1.jpg 650w, https:\/\/www.bertoli.fr\/wp-content\/uploads\/2022\/08\/porte-haussmannienne-noire-ATELIER-BERTOLI-1-244x300.jpg 244w, https:\/\/www.bertoli.fr\/wp-content\/uploads\/2022\/08\/porte-haussmannienne-noire-ATELIER-BERTOLI-1-122x150.jpg 122w\" sizes=\"auto, (max-width: 650px) 100vw, 650px\" \/>\t\t\t\t<\/div>\n\t\t\t\t\t\t\t\t\t\t\t<\/div>\n\t<\/div>\n  [\/vc_column][vc_column width=&#8221;1\/2&#8243;]\t<div class=\"et-image-734 et-image aligncenter    et_image_link\">\n\t\t<div class=\"et-image-inner \">\n\t\t\t\t\t\t\t<div class=\"et-image-thumb \">\n\t\t\t\t\t<img loading=\"lazy\" decoding=\"async\" width=\"650\" height=\"800\" src=\"https:\/\/www.bertoli.fr\/wp-content\/uploads\/2022\/08\/porte-haussmannienne-Black-and-White-ATELIER-BERTOLI.jpg\" class=\"attachment-full\" alt=\"\" title=\"porte haussmannienne Black and White ATELIER BERTOLI\" srcset=\"https:\/\/www.bertoli.fr\/wp-content\/uploads\/2022\/08\/porte-haussmannienne-Black-and-White-ATELIER-BERTOLI.jpg 650w, https:\/\/www.bertoli.fr\/wp-content\/uploads\/2022\/08\/porte-haussmannienne-Black-and-White-ATELIER-BERTOLI-244x300.jpg 244w, https:\/\/www.bertoli.fr\/wp-content\/uploads\/2022\/08\/porte-haussmannienne-Black-and-White-ATELIER-BERTOLI-122x150.jpg 122w\" sizes=\"auto, (max-width: 650px) 100vw, 650px\" \/>\t\t\t\t<\/div>\n\t\t\t\t\t\t\t\t\t\t\t<\/div>\n\t<\/div>\n  [\/vc_column][\/vc_row][vc_row][vc_column][vc_separator][\/vc_column][\/vc_row][vc_row][vc_column width=&#8221;1\/2&#8243;]\t<div class=\"et-image-337 et-image aligncenter    et_image_link\">\n\t\t<div class=\"et-image-inner \">\n\t\t\t\t\t\t\t<div class=\"et-image-thumb \">\n\t\t\t\t\t<img loading=\"lazy\" decoding=\"async\" width=\"650\" height=\"800\" src=\"https:\/\/www.bertoli.fr\/wp-content\/uploads\/2022\/08\/porte-Haussmannienne-3-panneaux-BERTOLI.jpg\" class=\"attachment-full\" alt=\"porte Haussmannienne 3 panneaux BERTOLI\" title=\"porte Haussmannienne 3 panneaux BERTOLI\" srcset=\"https:\/\/www.bertoli.fr\/wp-content\/uploads\/2022\/08\/porte-Haussmannienne-3-panneaux-BERTOLI.jpg 650w, https:\/\/www.bertoli.fr\/wp-content\/uploads\/2022\/08\/porte-Haussmannienne-3-panneaux-BERTOLI-244x300.jpg 244w, https:\/\/www.bertoli.fr\/wp-content\/uploads\/2022\/08\/porte-Haussmannienne-3-panneaux-BERTOLI-122x150.jpg 122w\" sizes=\"auto, (max-width: 650px) 100vw, 650px\" \/>\t\t\t\t<\/div>\n\t\t\t\t\t\t\t\t\t\t\t<\/div>\n\t<\/div>\n  [\/vc_column][vc_column width=&#8221;1\/2&#8243;]\t<div class=\"et-image-14 et-image aligncenter    et_image_link\">\n\t\t<div class=\"et-image-inner \">\n\t\t\t\t\t\t\t<div class=\"et-image-thumb \">\n\t\t\t\t\t<img loading=\"lazy\" decoding=\"async\" width=\"650\" height=\"800\" src=\"https:\/\/www.bertoli.fr\/wp-content\/uploads\/2022\/08\/porte-Haussmannienne-a-panneaux-BERTOLI-1-1.jpg\" class=\"attachment-full\" alt=\"porte-Haussmannienne-a-panneaux-BERTOLI\" title=\"porte-Haussmannienne-a-panneaux-BERTOLI-1\" srcset=\"https:\/\/www.bertoli.fr\/wp-content\/uploads\/2022\/08\/porte-Haussmannienne-a-panneaux-BERTOLI-1-1.jpg 650w, https:\/\/www.bertoli.fr\/wp-content\/uploads\/2022\/08\/porte-Haussmannienne-a-panneaux-BERTOLI-1-1-244x300.jpg 244w, https:\/\/www.bertoli.fr\/wp-content\/uploads\/2022\/08\/porte-Haussmannienne-a-panneaux-BERTOLI-1-1-122x150.jpg 122w\" sizes=\"auto, (max-width: 650px) 100vw, 650px\" \/>\t\t\t\t<\/div>\n\t\t\t\t\t\t\t\t\t\t\t<\/div>\n\t<\/div>\n  [\/vc_column][\/vc_row][vc_row][vc_column][vc_separator][\/vc_column][\/vc_row]\n","protected":false},"excerpt":{"rendered":"<p><span style=\"vertical-align: inherit;\"><span style=\"vertical-align: inherit;\">Porte Haussmannienne appel\u00e9e aussi porte Parisienne<\/span><\/span><\/p>\n<p><span style=\"vertical-align: inherit;\"><span style=\"vertical-align: inherit;\">Pr\u00e9sent\u00e9e en 2400x800mm, fabrication toutes dimensions sur-mesure.<\/span><\/span><\/p>\n<p><span style=\"vertical-align: inherit;\"><span style=\"vertical-align: inherit;\">Ch\u00eane de France <\/span><\/span><br \/>\n<span style=\"vertical-align: inherit;\"><span style=\"vertical-align: inherit;\">Finition teint\u00e9e noir profond <\/span><\/span><br \/>\n<span style=\"vertical-align: inherit;\"><span style=\"vertical-align: inherit;\">Poign\u00e9e FILOO by Frascio<\/span><\/span><\/p>\n<p><em><span style=\"vertical-align: inherit;\"><span style=\"vertical-align: inherit;\">*autres sur demande<\/span><\/span><\/em><\/p>\n<h4><\/h4>\n","protected":false},"featured_media":21623,"template":"","meta":[],"product_brand":[],"product_cat":[151,177],"product_tag":[],"class_list":{"0":"post-19308","1":"product","2":"type-product","3":"status-publish","4":"has-post-thumbnail","6":"product_cat-haussmanniennes","7":"product_cat-portes-dinterieur","9":"first","10":"instock","11":"shipping-taxable","12":"purchasable","13":"product-type-variable"},"_links":{"self":[{"href":"https:\/\/www.bertoli.fr\/en\/wp-json\/wp\/v2\/product\/19308","targetHints":{"allow":["GET"]}}],"collection":[{"href":"https:\/\/www.bertoli.fr\/en\/wp-json\/wp\/v2\/product"}],"about":[{"href":"https:\/\/www.bertoli.fr\/en\/wp-json\/wp\/v2\/types\/product"}],"wp:featuredmedia":[{"embeddable":true,"href":"https:\/\/www.bertoli.fr\/en\/wp-json\/wp\/v2\/media\/21623"}],"wp:attachment":[{"href":"https:\/\/www.bertoli.fr\/en\/wp-json\/wp\/v2\/media?parent=19308"}],"wp:term":[{"taxonomy":"product_brand","embeddable":true,"href":"https:\/\/www.bertoli.fr\/en\/wp-json\/wp\/v2\/product_brand?post=19308"},{"taxonomy":"product_cat","embeddable":true,"href":"https:\/\/www.bertoli.fr\/en\/wp-json\/wp\/v2\/product_cat?post=19308"},{"taxonomy":"product_tag","embeddable":true,"href":"https:\/\/www.bertoli.fr\/en\/wp-json\/wp\/v2\/product_tag?post=19308"}],"curies":[{"name":"wp","href":"https:\/\/api.w.org\/{rel}","templated":true}]}}