{"id":19785,"date":"2022-09-12T16:07:36","date_gmt":"2022-09-12T14:07:36","guid":{"rendered":"https:\/\/www.bertoli.fr\/?post_type=product&#038;p=19785"},"modified":"2026-04-13T12:01:13","modified_gmt":"2026-04-13T10:01:13","slug":"vestena","status":"publish","type":"product","link":"https:\/\/www.bertoli.fr\/en\/portes\/vestena\/","title":{"rendered":"VESTENA XXL"},"content":{"rendered":"[vc_row][vc_column][vc_row_inner][vc_column_inner offset=&#8221;vc_col-lg-4&#8243;][vc_column_text]\n<h5 class=\"fancy-title accent-color postline-large\">BERTOLI Design<\/h5>\n<p><strong>Toute HAUTEUR<\/strong><br \/>\nVESTENA c&#8217;est une porte massive XXL qui vous offre deux design diff\u00e9rents.[\/vc_column_text][\/vc_column_inner][vc_column_inner offset=&#8221;vc_col-lg-offset-1 vc_col-lg-7&#8243;]\t<div class=\"et-image-728 et-image     et_image_link\">\n\t\t<div class=\"et-image-inner \">\n\t\t\t\t\t\t\t<div class=\"et-image-thumb \">\n\t\t\t\t\t<img loading=\"lazy\" decoding=\"async\" width=\"650\" height=\"800\" src=\"https:\/\/www.bertoli.fr\/wp-content\/uploads\/2022\/09\/vestenaportechenexxlbertoli.png\" class=\"attachment-full\" alt=\"vestena porte chene xxl par Bertoli\" title=\"vestenaportechenexxlbertoli\" srcset=\"https:\/\/www.bertoli.fr\/wp-content\/uploads\/2022\/09\/vestenaportechenexxlbertoli.png 650w, https:\/\/www.bertoli.fr\/wp-content\/uploads\/2022\/09\/vestenaportechenexxlbertoli-244x300.png 244w, https:\/\/www.bertoli.fr\/wp-content\/uploads\/2022\/09\/vestenaportechenexxlbertoli-122x150.png 122w\" sizes=\"auto, (max-width: 650px) 100vw, 650px\" \/>\t\t\t\t<\/div>\n\t\t\t\t\t\t\t\t\t\t\t<\/div>\n\t<\/div>\n  [\/vc_column_inner][\/vc_row_inner][vc_empty_space height=&#8221;50px&#8221;][\/vc_column][\/vc_row][vc_row][vc_column][vc_row_inner][vc_column_inner width=&#8221;2\/5&#8243; offset=&#8221;vc_col-lg-2\/5&#8243;]\t<div class=\"et-image-472 et-image     et_image_link\">\n\t\t<div class=\"et-image-inner \">\n\t\t\t\t\t\t\t<div class=\"et-image-thumb \">\n\t\t\t\t\t<img loading=\"lazy\" decoding=\"async\" width=\"1244\" height=\"800\" src=\"https:\/\/www.bertoli.fr\/wp-content\/uploads\/2022\/09\/portexxlvestenachenebertoli.jpg\" class=\"attachment-full\" alt=\"porte xxl vestena chene bertoli tr\u00e8s grande porte en bois\" title=\"portexxlvestenachenebertoli\" srcset=\"https:\/\/www.bertoli.fr\/wp-content\/uploads\/2022\/09\/portexxlvestenachenebertoli.jpg 1244w, https:\/\/www.bertoli.fr\/wp-content\/uploads\/2022\/09\/portexxlvestenachenebertoli-300x193.jpg 300w, https:\/\/www.bertoli.fr\/wp-content\/uploads\/2022\/09\/portexxlvestenachenebertoli-1024x659.jpg 1024w, https:\/\/www.bertoli.fr\/wp-content\/uploads\/2022\/09\/portexxlvestenachenebertoli-768x494.jpg 768w, https:\/\/www.bertoli.fr\/wp-content\/uploads\/2022\/09\/portexxlvestenachenebertoli-150x96.jpg 150w, https:\/\/www.bertoli.fr\/wp-content\/uploads\/2022\/09\/portexxlvestenachenebertoli-1000x643.jpg 1000w\" sizes=\"auto, (max-width: 1244px) 100vw, 1244px\" \/>\t\t\t\t<\/div>\n\t\t\t\t\t\t\t\t\t\t\t<\/div>\n\t<\/div>\n  [\/vc_column_inner][vc_column_inner width=&#8221;1\/3&#8243; offset=&#8221;vc_col-lg-offset-1 vc_col-lg-4&#8243;][vc_column_text]\n<h5 class=\"fancy-title accent-color postline-large\">PORTE EXTRA-LARGE<\/h5>\n<p><strong>Lames Bouvet\u00e9es CH\u00caNE DE FRANCE<\/strong><br \/>\nUne face \u00e0 lames horizontales<br \/>\nUne face \u00e0 lames verticales[\/vc_column_text][\/vc_column_inner][\/vc_row_inner][\/vc_column][\/vc_row][vc_row][vc_column][vc_empty_space][vc_separator][vc_empty_space][\/vc_column][\/vc_row][vc_row][vc_column]\t<div class=\"et-image-352 et-image aligncenter    et_image_link\">\n\t\t<div class=\"et-image-inner \">\n\t\t\t\t\t\t\t<div class=\"et-image-thumb \">\n\t\t\t\t\t<img loading=\"lazy\" decoding=\"async\" width=\"526\" height=\"800\" src=\"https:\/\/www.bertoli.fr\/wp-content\/uploads\/2022\/09\/portecapricoulissante.jpg\" class=\"attachment-full\" alt=\"porte capri coulissante\" title=\"portecapricoulissante\" srcset=\"https:\/\/www.bertoli.fr\/wp-content\/uploads\/2022\/09\/portecapricoulissante.jpg 526w, https:\/\/www.bertoli.fr\/wp-content\/uploads\/2022\/09\/portecapricoulissante-197x300.jpg 197w, https:\/\/www.bertoli.fr\/wp-content\/uploads\/2022\/09\/portecapricoulissante-99x150.jpg 99w\" sizes=\"auto, (max-width: 526px) 100vw, 526px\" \/>\t\t\t\t<\/div>\n\t\t\t\t\t\t\t\t\t\t\t<\/div>\n\t<\/div>\n  [vc_empty_space][\/vc_column][\/vc_row][vc_row][vc_column][vc_separator][\/vc_column][\/vc_row]\n","protected":false},"excerpt":{"rendered":"<p>pos\u00e9e sur un rail HAWA int\u00e9gr\u00e9 au plafond<\/p>\n<p>Ch\u00eane de France\u00a0 finition nacr\u00e9e<br \/>\nPoign\u00e9e en inox entaill\u00e9e \u00e0 fleur du bois<\/p>\n<p>Dimensions du mod\u00e8le : 2400 x 1800mm<br \/>\n(autres sur demande)<\/p>\n<h4><\/h4>\n","protected":false},"featured_media":19796,"template":"","meta":[],"product_brand":[],"product_cat":[148,177],"product_tag":[],"class_list":{"0":"post-19785","1":"product","2":"type-product","3":"status-publish","4":"has-post-thumbnail","6":"product_cat-contemporaines","7":"product_cat-portes-dinterieur","9":"first","10":"instock","11":"shipping-taxable","12":"purchasable","13":"product-type-variable"},"_links":{"self":[{"href":"https:\/\/www.bertoli.fr\/en\/wp-json\/wp\/v2\/product\/19785","targetHints":{"allow":["GET"]}}],"collection":[{"href":"https:\/\/www.bertoli.fr\/en\/wp-json\/wp\/v2\/product"}],"about":[{"href":"https:\/\/www.bertoli.fr\/en\/wp-json\/wp\/v2\/types\/product"}],"wp:featuredmedia":[{"embeddable":true,"href":"https:\/\/www.bertoli.fr\/en\/wp-json\/wp\/v2\/media\/19796"}],"wp:attachment":[{"href":"https:\/\/www.bertoli.fr\/en\/wp-json\/wp\/v2\/media?parent=19785"}],"wp:term":[{"taxonomy":"product_brand","embeddable":true,"href":"https:\/\/www.bertoli.fr\/en\/wp-json\/wp\/v2\/product_brand?post=19785"},{"taxonomy":"product_cat","embeddable":true,"href":"https:\/\/www.bertoli.fr\/en\/wp-json\/wp\/v2\/product_cat?post=19785"},{"taxonomy":"product_tag","embeddable":true,"href":"https:\/\/www.bertoli.fr\/en\/wp-json\/wp\/v2\/product_tag?post=19785"}],"curies":[{"name":"wp","href":"https:\/\/api.w.org\/{rel}","templated":true}]}}