{"id":23947,"date":"2024-10-07T16:24:04","date_gmt":"2024-10-07T14:24:04","guid":{"rendered":"https:\/\/www.bertoli.fr\/?post_type=product&#038;p=23947"},"modified":"2026-04-13T12:01:10","modified_gmt":"2026-04-13T10:01:10","slug":"porte-coulissante-capri","status":"publish","type":"product","link":"https:\/\/www.bertoli.fr\/en\/portes\/porte-coulissante-capri\/","title":{"rendered":"Porte coulissante CAPRI"},"content":{"rendered":"[vc_row css=&#8221;.vc_custom_1659617692709{padding-top: 30px !important;padding-bottom: 60px !important;}&#8221;][vc_column width=&#8221;1\/4&#8243;][vc_column_text]\n<h5 class=\"fancy-title accent-color postline-large\">ALLIANCE BERTOLI GAROFOLI<\/h5>\n<p><strong>Une ambiance actuelle !<\/strong><br \/>\nCAPRI faite de Ch\u00eane &amp; MINIA de verre<\/p>\n<p>toutes dimensions[\/vc_column_text][\/vc_column][vc_column width=&#8221;1\/4&#8243;]\t<div class=\"et-image-276 et-image     et_image_link\">\n\t\t<div class=\"et-image-inner \">\n\t\t\t\t\t\t\t<div class=\"et-image-thumb \">\n\t\t\t\t\t<img loading=\"lazy\" decoding=\"async\" width=\"650\" height=\"800\" src=\"https:\/\/www.bertoli.fr\/wp-content\/uploads\/2024\/10\/porte-CAPRI-contemporaine-ATELIER-BERTOLI.jpg\" class=\"attachment-full\" alt=\"\" title=\"porte CAPRI contemporaine ATELIER BERTOLI\" srcset=\"https:\/\/www.bertoli.fr\/wp-content\/uploads\/2024\/10\/porte-CAPRI-contemporaine-ATELIER-BERTOLI.jpg 650w, https:\/\/www.bertoli.fr\/wp-content\/uploads\/2024\/10\/porte-CAPRI-contemporaine-ATELIER-BERTOLI-244x300.jpg 244w, https:\/\/www.bertoli.fr\/wp-content\/uploads\/2024\/10\/porte-CAPRI-contemporaine-ATELIER-BERTOLI-122x150.jpg 122w\" sizes=\"auto, (max-width: 650px) 100vw, 650px\" \/>\t\t\t\t<\/div>\n\t\t\t\t\t\t\t\t\t\t\t<\/div>\n\t<\/div>\n  [\/vc_column][vc_column width=&#8221;1\/4&#8243;]\t<div class=\"et-image-471 et-image     et_image_link\">\n\t\t<div class=\"et-image-inner \">\n\t\t\t\t\t\t\t<div class=\"et-image-thumb \">\n\t\t\t\t\t<img loading=\"lazy\" decoding=\"async\" width=\"650\" height=\"800\" src=\"https:\/\/www.bertoli.fr\/wp-content\/uploads\/2024\/10\/MUNIA-1VT-Porte-vitree-verre-acidato-GIDEA-BERTOLI.jpg\" class=\"attachment-full\" alt=\"\" title=\"MUNIA 1VT Porte vitr\u00e9e verre acidato GIDEA BERTOLI\" srcset=\"https:\/\/www.bertoli.fr\/wp-content\/uploads\/2024\/10\/MUNIA-1VT-Porte-vitree-verre-acidato-GIDEA-BERTOLI.jpg 650w, https:\/\/www.bertoli.fr\/wp-content\/uploads\/2024\/10\/MUNIA-1VT-Porte-vitree-verre-acidato-GIDEA-BERTOLI-244x300.jpg 244w, https:\/\/www.bertoli.fr\/wp-content\/uploads\/2024\/10\/MUNIA-1VT-Porte-vitree-verre-acidato-GIDEA-BERTOLI-122x150.jpg 122w\" sizes=\"auto, (max-width: 650px) 100vw, 650px\" \/>\t\t\t\t<\/div>\n\t\t\t\t\t\t\t\t\t\t\t<\/div>\n\t<\/div>\n  [\/vc_column][vc_column width=&#8221;1\/4&#8243;]\t<div class=\"et-image-958 et-image     et_image_link\">\n\t\t<div class=\"et-image-inner \">\n\t\t\t\t\t\t\t<div class=\"et-image-thumb \">\n\t\t\t\t\t<img loading=\"lazy\" decoding=\"async\" width=\"650\" height=\"800\" src=\"https:\/\/www.bertoli.fr\/wp-content\/uploads\/2024\/10\/MUNIA-1VT-Porte-vitree-GIDEA-BERTOLI-2.jpg\" class=\"attachment-full\" alt=\"\" title=\"MUNIA 1VT Porte vitr\u00e9e GIDEA BERTOLI (2)\" srcset=\"https:\/\/www.bertoli.fr\/wp-content\/uploads\/2024\/10\/MUNIA-1VT-Porte-vitree-GIDEA-BERTOLI-2.jpg 650w, https:\/\/www.bertoli.fr\/wp-content\/uploads\/2024\/10\/MUNIA-1VT-Porte-vitree-GIDEA-BERTOLI-2-244x300.jpg 244w, https:\/\/www.bertoli.fr\/wp-content\/uploads\/2024\/10\/MUNIA-1VT-Porte-vitree-GIDEA-BERTOLI-2-122x150.jpg 122w\" sizes=\"auto, (max-width: 650px) 100vw, 650px\" \/>\t\t\t\t<\/div>\n\t\t\t\t\t\t\t\t\t\t\t<\/div>\n\t<\/div>\n  [\/vc_column][\/vc_row][vc_row][vc_column][vc_empty_space][vc_separator][\/vc_column][\/vc_row][vc_row][vc_column width=&#8221;1\/2&#8243;][vc_column_text]\n<h5 class=\"fancy-title accent-color postline-large\">CH\u00c2SSIS pour PORTE COULISSANTE<\/h5>\n<p><strong>Mod\u00e8le ABSOLUTE<\/strong><br \/>\nque nous commercialisons avec nos portes<\/p>\n<p>toutes dimensions[\/vc_column_text][\/vc_column][vc_column width=&#8221;1\/2&#8243;]\t<div class=\"et-image-306 et-image aligncenter    et_image_link\">\n\t\t<div class=\"et-image-inner \">\n\t\t\t\t\t\t\t<div class=\"et-image-thumb \">\n\t\t\t\t\t<img loading=\"lazy\" decoding=\"async\" width=\"406\" height=\"500\" src=\"https:\/\/www.bertoli.fr\/wp-content\/uploads\/2024\/10\/chassis-GALANDAGE-ABSOLUTE-EVO-type-essential-BERTOLI.jpg\" class=\"attachment-full\" alt=\"\" title=\"chassis GALANDAGE ABSOLUTE EVO type essential BERTOLI\" srcset=\"https:\/\/www.bertoli.fr\/wp-content\/uploads\/2024\/10\/chassis-GALANDAGE-ABSOLUTE-EVO-type-essential-BERTOLI.jpg 406w, https:\/\/www.bertoli.fr\/wp-content\/uploads\/2024\/10\/chassis-GALANDAGE-ABSOLUTE-EVO-type-essential-BERTOLI-244x300.jpg 244w, https:\/\/www.bertoli.fr\/wp-content\/uploads\/2024\/10\/chassis-GALANDAGE-ABSOLUTE-EVO-type-essential-BERTOLI-122x150.jpg 122w\" sizes=\"auto, (max-width: 406px) 100vw, 406px\" \/>\t\t\t\t<\/div>\n\t\t\t\t\t\t\t\t\t\t\t<\/div>\n\t<\/div>\n  [\/vc_column][\/vc_row][vc_row][vc_column][vc_empty_space][vc_separator][\/vc_column][\/vc_row][vc_row][vc_column width=&#8221;1\/4&#8243;][vc_column_text]\n<h5 class=\"fancy-title accent-color postline-large\">STRAT II\u00a0 \u00a0 Porte D\u00c9SAX\u00c9E<\/h5>\n<p><strong>Ambiance coordonn\u00e9e<br \/>\n<\/strong>Nous avons fabriqu\u00e9 pour notre client,<br \/>\nune porte d&#8217;entr\u00e9e PIVOTANTE en Ch\u00eane de France<br \/>\n\u263cCoefficient thermique Ud = 1.1 W\/(m2.K)<\/p>\n<p>porte \u00e9quip\u00e9e d&#8217;une serrure \u00e9lectrique<\/p>\n[\/vc_column_text][\/vc_column][vc_column width=&#8221;1\/4&#8243;]\t<div class=\"et-image-183 et-image aligncenter    et_image_link\">\n\t\t<div class=\"et-image-inner \">\n\t\t\t\t\t\t\t<div class=\"et-image-thumb \">\n\t\t\t\t\t<img loading=\"lazy\" decoding=\"async\" width=\"650\" height=\"800\" src=\"https:\/\/www.bertoli.fr\/wp-content\/uploads\/2024\/10\/porte-pivotante-STRAT-2-Chene-de-France-ATELIER-BERTOLI.jpg\" class=\"attachment-full\" alt=\"\" title=\"porte pivotante STRAT 2 Ch\u00eane de France ATELIER BERTOLI\" srcset=\"https:\/\/www.bertoli.fr\/wp-content\/uploads\/2024\/10\/porte-pivotante-STRAT-2-Chene-de-France-ATELIER-BERTOLI.jpg 650w, https:\/\/www.bertoli.fr\/wp-content\/uploads\/2024\/10\/porte-pivotante-STRAT-2-Chene-de-France-ATELIER-BERTOLI-244x300.jpg 244w, https:\/\/www.bertoli.fr\/wp-content\/uploads\/2024\/10\/porte-pivotante-STRAT-2-Chene-de-France-ATELIER-BERTOLI-122x150.jpg 122w\" sizes=\"auto, (max-width: 650px) 100vw, 650px\" \/>\t\t\t\t<\/div>\n\t\t\t\t\t\t\t\t\t\t\t<\/div>\n\t<\/div>\n  [\/vc_column][vc_column width=&#8221;1\/4&#8243;]\t<div class=\"et-image-269 et-image aligncenter    et_image_link\">\n\t\t<div class=\"et-image-inner \">\n\t\t\t\t\t\t\t<div class=\"et-image-thumb \">\n\t\t\t\t\t<img loading=\"lazy\" decoding=\"async\" width=\"650\" height=\"800\" src=\"https:\/\/www.bertoli.fr\/wp-content\/uploads\/2024\/10\/porte-pivotante-STRAT-2-ATELIER-BERTOLI.jpg\" class=\"attachment-full\" alt=\"\" title=\"porte pivotante STRAT 2 ATELIER BERTOLI\" srcset=\"https:\/\/www.bertoli.fr\/wp-content\/uploads\/2024\/10\/porte-pivotante-STRAT-2-ATELIER-BERTOLI.jpg 650w, https:\/\/www.bertoli.fr\/wp-content\/uploads\/2024\/10\/porte-pivotante-STRAT-2-ATELIER-BERTOLI-244x300.jpg 244w, https:\/\/www.bertoli.fr\/wp-content\/uploads\/2024\/10\/porte-pivotante-STRAT-2-ATELIER-BERTOLI-122x150.jpg 122w\" sizes=\"auto, (max-width: 650px) 100vw, 650px\" \/>\t\t\t\t<\/div>\n\t\t\t\t\t\t\t\t\t\t\t<\/div>\n\t<\/div>\n  [\/vc_column][vc_column width=&#8221;1\/4&#8243;]\t<div class=\"et-image-975 et-image aligncenter    et_image_link\">\n\t\t<div class=\"et-image-inner \">\n\t\t\t\t\t\t\t<div class=\"et-image-thumb \">\n\t\t\t\t\t<img loading=\"lazy\" decoding=\"async\" width=\"650\" height=\"800\" src=\"https:\/\/www.bertoli.fr\/wp-content\/uploads\/2024\/10\/porte-dentree-pivot-STRAT-2-Chene-de-France-ATELIER-BERTOLI.jpg\" class=\"attachment-full\" alt=\"\" title=\"porte d&#039;entr\u00e9e pivot STRAT 2 Ch\u00eane de France ATELIER BERTOLI\" srcset=\"https:\/\/www.bertoli.fr\/wp-content\/uploads\/2024\/10\/porte-dentree-pivot-STRAT-2-Chene-de-France-ATELIER-BERTOLI.jpg 650w, https:\/\/www.bertoli.fr\/wp-content\/uploads\/2024\/10\/porte-dentree-pivot-STRAT-2-Chene-de-France-ATELIER-BERTOLI-244x300.jpg 244w, https:\/\/www.bertoli.fr\/wp-content\/uploads\/2024\/10\/porte-dentree-pivot-STRAT-2-Chene-de-France-ATELIER-BERTOLI-122x150.jpg 122w\" sizes=\"auto, (max-width: 650px) 100vw, 650px\" \/>\t\t\t\t<\/div>\n\t\t\t\t\t\t\t\t\t\t\t\t\t<div class=\"et-image-content\">\n\t\t\t\t\t<h4>C\u00f4t\u00e9 int\u00e9rieur de la porte STRAT,<br \/>\nLames verticales bouvet\u00e9es en Ch\u00eane de France (mod\u00e8le ORA)<\/h4>\n\t\t\t\t<\/div>\n\t\t\t\t\t<\/div>\n\t<\/div>\n  [\/vc_column][\/vc_row][vc_row][vc_column][vc_empty_space][vc_separator][\/vc_column][\/vc_row]\n","protected":false},"excerpt":{"rendered":"<p>Porte contemporaine en Ch\u00eane de France, fil vertical<br \/>\nCoulissante dans ch\u00e2ssis ABSOLUTE* (type essential)<br \/>\nFinition : vernis naturel rendu mat<\/p>\n<p>Dimensions du mod\u00e8le : 2600 x 1100mm<br \/>\n(autres sur demande)<br \/>\n<em>* ch\u00e2ssis \u00e0 galandage vendu par nos soins<\/em><\/p>\n<h4><\/h4>\n","protected":false},"featured_media":23949,"template":"","meta":[],"product_brand":[],"product_cat":[148,177],"product_tag":[],"class_list":{"0":"post-23947","1":"product","2":"type-product","3":"status-publish","4":"has-post-thumbnail","6":"product_cat-contemporaines","7":"product_cat-portes-dinterieur","9":"first","10":"instock","11":"shipping-taxable","12":"purchasable","13":"product-type-variable"},"_links":{"self":[{"href":"https:\/\/www.bertoli.fr\/en\/wp-json\/wp\/v2\/product\/23947","targetHints":{"allow":["GET"]}}],"collection":[{"href":"https:\/\/www.bertoli.fr\/en\/wp-json\/wp\/v2\/product"}],"about":[{"href":"https:\/\/www.bertoli.fr\/en\/wp-json\/wp\/v2\/types\/product"}],"wp:featuredmedia":[{"embeddable":true,"href":"https:\/\/www.bertoli.fr\/en\/wp-json\/wp\/v2\/media\/23949"}],"wp:attachment":[{"href":"https:\/\/www.bertoli.fr\/en\/wp-json\/wp\/v2\/media?parent=23947"}],"wp:term":[{"taxonomy":"product_brand","embeddable":true,"href":"https:\/\/www.bertoli.fr\/en\/wp-json\/wp\/v2\/product_brand?post=23947"},{"taxonomy":"product_cat","embeddable":true,"href":"https:\/\/www.bertoli.fr\/en\/wp-json\/wp\/v2\/product_cat?post=23947"},{"taxonomy":"product_tag","embeddable":true,"href":"https:\/\/www.bertoli.fr\/en\/wp-json\/wp\/v2\/product_tag?post=23947"}],"curies":[{"name":"wp","href":"https:\/\/api.w.org\/{rel}","templated":true}]}}